{"id":2146,"date":"2025-10-20T19:35:12","date_gmt":"2025-10-20T17:35:12","guid":{"rendered":"https:\/\/observatorio.clusteraudiovisualmadrid.es\/?post_type=tribe_events&#038;p=2146"},"modified":"2025-10-20T19:41:34","modified_gmt":"2025-10-20T17:41:34","slug":"xv-cutrecon-festival-internacional-de-cine-trash-y-explotacion-de-madrid-2026","status":"publish","type":"tribe_events","link":"https:\/\/observatorio.clusteraudiovisualmadrid.es\/en\/evento\/xv-cutrecon-festival-internacional-de-cine-trash-y-explotacion-de-madrid-2026\/","title":{"rendered":"XV Cutrecon &#8211; Festival Internacional de Cine Trash y Explotaci\u00f3n de Madrid 2026"},"content":{"rendered":"<p>CutreCon es el Festival Internacional de Cine Trash de Madrid, un evento anual y de car\u00e1cter humor\u00edstico. Durante cinco d\u00edas se proyectan pel\u00edculas de bajo presupuesto \u201ctan malas que son buenas\u201d, en sesiones multitudinarias e interactivas con el objetivo de que los espectadores pasen un rato de lo m\u00e1s divertido.<br \/>\nOrganizado por los responsables de la veterana web de cine y humor Cinecutre.com, el festival CutreCon va un paso m\u00e1s all\u00e1 y, adem\u00e1s de acoger estrenos mundiales y europeos, tambi\u00e9n funciona como plataforma de relanzamiento de muchos de esos t\u00edtulos que con el paso de los a\u00f1os han alcanzado el estatus de \u201cfilmes de culto\u201d para determinados sectores cin\u00e9filos. (Fuente: CutreCon)<\/p>\n","protected":false},"excerpt":{"rendered":"<p>CutreCon es el Festival Internacional de Cine Trash de Madrid, un evento anual y de car\u00e1cter humor\u00edstico. Durante cinco d\u00edas se proyectan pel\u00edculas de bajo presupuesto \u201ctan malas que son [&hellip;]<\/p>\n","protected":false},"author":4,"featured_media":2148,"template":"","meta":{"_tribe_events_status":"","_tribe_events_status_reason":"","footnotes":""},"tags":[111,42],"tribe_events_cat":[5],"class_list":["post-2146","tribe_events","type-tribe_events","status-publish","has-post-thumbnail","hentry","tag-cine-trash","tag-festival","tribe_events_cat-festival","cat_festival"],"yoast_head":"<!-- This site is optimized with the Yoast SEO plugin v27.3 - https:\/\/yoast.com\/product\/yoast-seo-wordpress\/ -->\n<title>XV Cutrecon - Festival Internacional de Cine Trash y Explotaci\u00f3n de Madrid 2026 - Observatorio Cl\u00faster Audiovisual Madrid<\/title>\n<meta name=\"robots\" content=\"index, follow, max-snippet:-1, max-image-preview:large, max-video-preview:-1\" \/>\n<link rel=\"canonical\" href=\"https:\/\/observatorio.clusteraudiovisualmadrid.es\/evento\/xv-cutrecon-festival-internacional-de-cine-trash-y-explotacion-de-madrid-2026\/\" \/>\n<meta property=\"og:locale\" content=\"en_US\" \/>\n<meta property=\"og:type\" content=\"article\" \/>\n<meta property=\"og:title\" content=\"XV Cutrecon - Festival Internacional de Cine Trash y Explotaci\u00f3n de Madrid 2026 - Observatorio Cl\u00faster Audiovisual Madrid\" \/>\n<meta property=\"og:description\" content=\"CutreCon es el Festival Internacional de Cine Trash de Madrid, un evento anual y de car\u00e1cter humor\u00edstico. Durante cinco d\u00edas se proyectan pel\u00edculas de bajo presupuesto \u201ctan malas que son [&hellip;]\" \/>\n<meta property=\"og:url\" content=\"https:\/\/observatorio.clusteraudiovisualmadrid.es\/evento\/xv-cutrecon-festival-internacional-de-cine-trash-y-explotacion-de-madrid-2026\/\" \/>\n<meta property=\"og:site_name\" content=\"Observatorio Cl\u00faster Audiovisual Madrid\" \/>\n<meta property=\"article:modified_time\" content=\"2025-10-20T17:41:34+00:00\" \/>\n<meta property=\"og:image\" content=\"https:\/\/observatorio.clusteraudiovisualmadrid.es\/wp-content\/uploads\/2025\/10\/cutrecon-2025-724x1024.png\" \/>\n\t<meta property=\"og:image:width\" content=\"724\" \/>\n\t<meta property=\"og:image:height\" content=\"1024\" \/>\n\t<meta property=\"og:image:type\" content=\"image\/png\" \/>\n<meta name=\"twitter:card\" content=\"summary_large_image\" \/>\n<meta name=\"twitter:label1\" content=\"Est. reading time\" \/>\n\t<meta name=\"twitter:data1\" content=\"1 minute\" \/>\n<script type=\"application\/ld+json\" class=\"yoast-schema-graph\">{\"@context\":\"https:\\\/\\\/schema.org\",\"@graph\":[{\"@type\":\"WebPage\",\"@id\":\"https:\\\/\\\/observatorio.clusteraudiovisualmadrid.es\\\/evento\\\/xv-cutrecon-festival-internacional-de-cine-trash-y-explotacion-de-madrid-2026\\\/\",\"url\":\"https:\\\/\\\/observatorio.clusteraudiovisualmadrid.es\\\/evento\\\/xv-cutrecon-festival-internacional-de-cine-trash-y-explotacion-de-madrid-2026\\\/\",\"name\":\"XV Cutrecon - Festival Internacional de Cine Trash y Explotaci\u00f3n de Madrid 2026 - Observatorio Cl\u00faster Audiovisual Madrid\",\"isPartOf\":{\"@id\":\"https:\\\/\\\/observatorio.clusteraudiovisualmadrid.es\\\/#website\"},\"primaryImageOfPage\":{\"@id\":\"https:\\\/\\\/observatorio.clusteraudiovisualmadrid.es\\\/evento\\\/xv-cutrecon-festival-internacional-de-cine-trash-y-explotacion-de-madrid-2026\\\/#primaryimage\"},\"image\":{\"@id\":\"https:\\\/\\\/observatorio.clusteraudiovisualmadrid.es\\\/evento\\\/xv-cutrecon-festival-internacional-de-cine-trash-y-explotacion-de-madrid-2026\\\/#primaryimage\"},\"thumbnailUrl\":\"https:\\\/\\\/observatorio.clusteraudiovisualmadrid.es\\\/wp-content\\\/uploads\\\/2025\\\/10\\\/cutrecon-2025-scaled.png\",\"datePublished\":\"2025-10-20T17:35:12+00:00\",\"dateModified\":\"2025-10-20T17:41:34+00:00\",\"breadcrumb\":{\"@id\":\"https:\\\/\\\/observatorio.clusteraudiovisualmadrid.es\\\/evento\\\/xv-cutrecon-festival-internacional-de-cine-trash-y-explotacion-de-madrid-2026\\\/#breadcrumb\"},\"inLanguage\":\"en-US\",\"potentialAction\":[{\"@type\":\"ReadAction\",\"target\":[\"https:\\\/\\\/observatorio.clusteraudiovisualmadrid.es\\\/evento\\\/xv-cutrecon-festival-internacional-de-cine-trash-y-explotacion-de-madrid-2026\\\/\"]}]},{\"@type\":\"ImageObject\",\"inLanguage\":\"en-US\",\"@id\":\"https:\\\/\\\/observatorio.clusteraudiovisualmadrid.es\\\/evento\\\/xv-cutrecon-festival-internacional-de-cine-trash-y-explotacion-de-madrid-2026\\\/#primaryimage\",\"url\":\"https:\\\/\\\/observatorio.clusteraudiovisualmadrid.es\\\/wp-content\\\/uploads\\\/2025\\\/10\\\/cutrecon-2025-scaled.png\",\"contentUrl\":\"https:\\\/\\\/observatorio.clusteraudiovisualmadrid.es\\\/wp-content\\\/uploads\\\/2025\\\/10\\\/cutrecon-2025-scaled.png\",\"width\":1810,\"height\":2560},{\"@type\":\"BreadcrumbList\",\"@id\":\"https:\\\/\\\/observatorio.clusteraudiovisualmadrid.es\\\/evento\\\/xv-cutrecon-festival-internacional-de-cine-trash-y-explotacion-de-madrid-2026\\\/#breadcrumb\",\"itemListElement\":[{\"@type\":\"ListItem\",\"position\":1,\"name\":\"Portada\",\"item\":\"https:\\\/\\\/observatorio.clusteraudiovisualmadrid.es\\\/\"},{\"@type\":\"ListItem\",\"position\":2,\"name\":\"Eventos\",\"item\":\"https:\\\/\\\/observatorio.clusteraudiovisualmadrid.es\\\/eventos\\\/\"},{\"@type\":\"ListItem\",\"position\":3,\"name\":\"XV Cutrecon &#8211; Festival Internacional de Cine Trash y Explotaci\u00f3n de Madrid 2026\"}]},{\"@type\":\"WebSite\",\"@id\":\"https:\\\/\\\/observatorio.clusteraudiovisualmadrid.es\\\/#website\",\"url\":\"https:\\\/\\\/observatorio.clusteraudiovisualmadrid.es\\\/\",\"name\":\"Observatorio Cl\u00faster Audiovisual Madrid\",\"description\":\"\",\"publisher\":{\"@id\":\"https:\\\/\\\/observatorio.clusteraudiovisualmadrid.es\\\/#organization\"},\"potentialAction\":[{\"@type\":\"SearchAction\",\"target\":{\"@type\":\"EntryPoint\",\"urlTemplate\":\"https:\\\/\\\/observatorio.clusteraudiovisualmadrid.es\\\/?s={search_term_string}\"},\"query-input\":{\"@type\":\"PropertyValueSpecification\",\"valueRequired\":true,\"valueName\":\"search_term_string\"}}],\"inLanguage\":\"en-US\"},{\"@type\":\"Organization\",\"@id\":\"https:\\\/\\\/observatorio.clusteraudiovisualmadrid.es\\\/#organization\",\"name\":\"Observatorio Cl\u00faster Audiovisual Madrid\",\"url\":\"https:\\\/\\\/observatorio.clusteraudiovisualmadrid.es\\\/\",\"logo\":{\"@type\":\"ImageObject\",\"inLanguage\":\"en-US\",\"@id\":\"https:\\\/\\\/observatorio.clusteraudiovisualmadrid.es\\\/#\\\/schema\\\/logo\\\/image\\\/\",\"url\":\"https:\\\/\\\/observatorio.clusteraudiovisualmadrid.es\\\/wp-content\\\/uploads\\\/2025\\\/09\\\/cropped-cropped-logo-Observatorio-Horizontal.png\",\"contentUrl\":\"https:\\\/\\\/observatorio.clusteraudiovisualmadrid.es\\\/wp-content\\\/uploads\\\/2025\\\/09\\\/cropped-cropped-logo-Observatorio-Horizontal.png\",\"width\":695,\"height\":359,\"caption\":\"Observatorio Cl\u00faster Audiovisual Madrid\"},\"image\":{\"@id\":\"https:\\\/\\\/observatorio.clusteraudiovisualmadrid.es\\\/#\\\/schema\\\/logo\\\/image\\\/\"}}]}<\/script>\n<!-- \/ Yoast SEO plugin. -->","yoast_head_json":{"title":"XV Cutrecon - Festival Internacional de Cine Trash y Explotaci\u00f3n de Madrid 2026 - Observatorio Cl\u00faster Audiovisual Madrid","robots":{"index":"index","follow":"follow","max-snippet":"max-snippet:-1","max-image-preview":"max-image-preview:large","max-video-preview":"max-video-preview:-1"},"canonical":"https:\/\/observatorio.clusteraudiovisualmadrid.es\/evento\/xv-cutrecon-festival-internacional-de-cine-trash-y-explotacion-de-madrid-2026\/","og_locale":"en_US","og_type":"article","og_title":"XV Cutrecon - Festival Internacional de Cine Trash y Explotaci\u00f3n de Madrid 2026 - Observatorio Cl\u00faster Audiovisual Madrid","og_description":"CutreCon es el Festival Internacional de Cine Trash de Madrid, un evento anual y de car\u00e1cter humor\u00edstico. Durante cinco d\u00edas se proyectan pel\u00edculas de bajo presupuesto \u201ctan malas que son [&hellip;]","og_url":"https:\/\/observatorio.clusteraudiovisualmadrid.es\/evento\/xv-cutrecon-festival-internacional-de-cine-trash-y-explotacion-de-madrid-2026\/","og_site_name":"Observatorio Cl\u00faster Audiovisual Madrid","article_modified_time":"2025-10-20T17:41:34+00:00","og_image":[{"width":724,"height":1024,"url":"https:\/\/observatorio.clusteraudiovisualmadrid.es\/wp-content\/uploads\/2025\/10\/cutrecon-2025-724x1024.png","type":"image\/png"}],"twitter_card":"summary_large_image","twitter_misc":{"Est. reading time":"1 minute"},"schema":{"@context":"https:\/\/schema.org","@graph":[{"@type":"WebPage","@id":"https:\/\/observatorio.clusteraudiovisualmadrid.es\/evento\/xv-cutrecon-festival-internacional-de-cine-trash-y-explotacion-de-madrid-2026\/","url":"https:\/\/observatorio.clusteraudiovisualmadrid.es\/evento\/xv-cutrecon-festival-internacional-de-cine-trash-y-explotacion-de-madrid-2026\/","name":"XV Cutrecon - Festival Internacional de Cine Trash y Explotaci\u00f3n de Madrid 2026 - Observatorio Cl\u00faster Audiovisual Madrid","isPartOf":{"@id":"https:\/\/observatorio.clusteraudiovisualmadrid.es\/#website"},"primaryImageOfPage":{"@id":"https:\/\/observatorio.clusteraudiovisualmadrid.es\/evento\/xv-cutrecon-festival-internacional-de-cine-trash-y-explotacion-de-madrid-2026\/#primaryimage"},"image":{"@id":"https:\/\/observatorio.clusteraudiovisualmadrid.es\/evento\/xv-cutrecon-festival-internacional-de-cine-trash-y-explotacion-de-madrid-2026\/#primaryimage"},"thumbnailUrl":"https:\/\/observatorio.clusteraudiovisualmadrid.es\/wp-content\/uploads\/2025\/10\/cutrecon-2025-scaled.png","datePublished":"2025-10-20T17:35:12+00:00","dateModified":"2025-10-20T17:41:34+00:00","breadcrumb":{"@id":"https:\/\/observatorio.clusteraudiovisualmadrid.es\/evento\/xv-cutrecon-festival-internacional-de-cine-trash-y-explotacion-de-madrid-2026\/#breadcrumb"},"inLanguage":"en-US","potentialAction":[{"@type":"ReadAction","target":["https:\/\/observatorio.clusteraudiovisualmadrid.es\/evento\/xv-cutrecon-festival-internacional-de-cine-trash-y-explotacion-de-madrid-2026\/"]}]},{"@type":"ImageObject","inLanguage":"en-US","@id":"https:\/\/observatorio.clusteraudiovisualmadrid.es\/evento\/xv-cutrecon-festival-internacional-de-cine-trash-y-explotacion-de-madrid-2026\/#primaryimage","url":"https:\/\/observatorio.clusteraudiovisualmadrid.es\/wp-content\/uploads\/2025\/10\/cutrecon-2025-scaled.png","contentUrl":"https:\/\/observatorio.clusteraudiovisualmadrid.es\/wp-content\/uploads\/2025\/10\/cutrecon-2025-scaled.png","width":1810,"height":2560},{"@type":"BreadcrumbList","@id":"https:\/\/observatorio.clusteraudiovisualmadrid.es\/evento\/xv-cutrecon-festival-internacional-de-cine-trash-y-explotacion-de-madrid-2026\/#breadcrumb","itemListElement":[{"@type":"ListItem","position":1,"name":"Portada","item":"https:\/\/observatorio.clusteraudiovisualmadrid.es\/"},{"@type":"ListItem","position":2,"name":"Eventos","item":"https:\/\/observatorio.clusteraudiovisualmadrid.es\/eventos\/"},{"@type":"ListItem","position":3,"name":"XV Cutrecon &#8211; Festival Internacional de Cine Trash y Explotaci\u00f3n de Madrid 2026"}]},{"@type":"WebSite","@id":"https:\/\/observatorio.clusteraudiovisualmadrid.es\/#website","url":"https:\/\/observatorio.clusteraudiovisualmadrid.es\/","name":"Observatorio Cl\u00faster Audiovisual Madrid","description":"","publisher":{"@id":"https:\/\/observatorio.clusteraudiovisualmadrid.es\/#organization"},"potentialAction":[{"@type":"SearchAction","target":{"@type":"EntryPoint","urlTemplate":"https:\/\/observatorio.clusteraudiovisualmadrid.es\/?s={search_term_string}"},"query-input":{"@type":"PropertyValueSpecification","valueRequired":true,"valueName":"search_term_string"}}],"inLanguage":"en-US"},{"@type":"Organization","@id":"https:\/\/observatorio.clusteraudiovisualmadrid.es\/#organization","name":"Observatorio Cl\u00faster Audiovisual Madrid","url":"https:\/\/observatorio.clusteraudiovisualmadrid.es\/","logo":{"@type":"ImageObject","inLanguage":"en-US","@id":"https:\/\/observatorio.clusteraudiovisualmadrid.es\/#\/schema\/logo\/image\/","url":"https:\/\/observatorio.clusteraudiovisualmadrid.es\/wp-content\/uploads\/2025\/09\/cropped-cropped-logo-Observatorio-Horizontal.png","contentUrl":"https:\/\/observatorio.clusteraudiovisualmadrid.es\/wp-content\/uploads\/2025\/09\/cropped-cropped-logo-Observatorio-Horizontal.png","width":695,"height":359,"caption":"Observatorio Cl\u00faster Audiovisual Madrid"},"image":{"@id":"https:\/\/observatorio.clusteraudiovisualmadrid.es\/#\/schema\/logo\/image\/"}}]}},"_links":{"self":[{"href":"https:\/\/observatorio.clusteraudiovisualmadrid.es\/en\/wp-json\/wp\/v2\/tribe_events\/2146","targetHints":{"allow":["GET"]}}],"collection":[{"href":"https:\/\/observatorio.clusteraudiovisualmadrid.es\/en\/wp-json\/wp\/v2\/tribe_events"}],"about":[{"href":"https:\/\/observatorio.clusteraudiovisualmadrid.es\/en\/wp-json\/wp\/v2\/types\/tribe_events"}],"author":[{"embeddable":true,"href":"https:\/\/observatorio.clusteraudiovisualmadrid.es\/en\/wp-json\/wp\/v2\/users\/4"}],"version-history":[{"count":1,"href":"https:\/\/observatorio.clusteraudiovisualmadrid.es\/en\/wp-json\/wp\/v2\/tribe_events\/2146\/revisions"}],"predecessor-version":[{"id":2150,"href":"https:\/\/observatorio.clusteraudiovisualmadrid.es\/en\/wp-json\/wp\/v2\/tribe_events\/2146\/revisions\/2150"}],"wp:featuredmedia":[{"embeddable":true,"href":"https:\/\/observatorio.clusteraudiovisualmadrid.es\/en\/wp-json\/wp\/v2\/media\/2148"}],"wp:attachment":[{"href":"https:\/\/observatorio.clusteraudiovisualmadrid.es\/en\/wp-json\/wp\/v2\/media?parent=2146"}],"wp:term":[{"taxonomy":"post_tag","embeddable":true,"href":"https:\/\/observatorio.clusteraudiovisualmadrid.es\/en\/wp-json\/wp\/v2\/tags?post=2146"},{"taxonomy":"tribe_events_cat","embeddable":true,"href":"https:\/\/observatorio.clusteraudiovisualmadrid.es\/en\/wp-json\/wp\/v2\/tribe_events_cat?post=2146"}],"curies":[{"name":"wp","href":"https:\/\/api.w.org\/{rel}","templated":true}]}}